{"id":45,"date":"2019-10-22T11:22:04","date_gmt":"2019-10-22T09:22:04","guid":{"rendered":"https:\/\/www.innside.at\/?page_id=45"},"modified":"2020-07-07T09:35:13","modified_gmt":"2020-07-07T07:35:13","slug":"liveinnside","status":"publish","type":"page","link":"https:\/\/www.innside.at\/?page_id=45","title":{"rendered":"live@innside"},"content":{"rendered":"\n<p>Jazz in Innsbruck Tirol<\/p>\n\n\n\n<figure class=\"wp-block-image\"><a href=\"https:\/\/www.innside.at\/wp-content\/uploads\/2015\/10\/Innside_4c-Kopie.jpg\"><img loading=\"lazy\" decoding=\"async\" width=\"146\" height=\"107\" src=\"https:\/\/www.innside.at\/wp-content\/uploads\/2015\/10\/Innside_4c-Kopie.jpg\" alt=\"Jazz in Innsbruck\" class=\"wp-image-321\"\/><\/a><\/figure>\n\n\n\n<figure class=\"wp-block-image\"><a href=\"http:\/\/www.facebook.com\/innside.pilspub\"><img loading=\"lazy\" decoding=\"async\" width=\"50\" height=\"50\" src=\"https:\/\/www.innside.at\/wp-content\/uploads\/2015\/10\/FB-f-Logo__blue_100-e1443961262875.png\" alt=\"Jazz in Innsbruck\" class=\"wp-image-311\"\/><\/a><\/figure>\n\n\n\n<h1 class=\"wp-block-heading\">Die Anf\u00e4nge des Innside Pilspub<\/h1>\n\n\n\n<p>Das Innside Pilspub startete im J\u00e4nner 1991 lve@innside mit einem Jazz Konzert mit Florian Bramb\u00f6ck, Stephan Costa und Walter Rumer und war eine der ersten Locations f\u00fcr die beginnende Jazz-Szene in Innsbruck. In der Folge traten Markus Linder als Pianoman, Walter Tolloy , Onke Mike, Alexander Goldinger, Robert Pammer, Johannes Henry Sigl und andere im Innside auf. Diese Tradition wurde anl\u00e4\u00dflich des New Orleans Festivals 2014 fortgesetzt.<\/p>\n\n\n\n<h1 class=\"wp-block-heading\">Der Neubeginn live@innside<\/h1>\n\n\n\n<p>Innside war stets B\u00fchne der After Show Konzerte des New Orleans Festival, solange das Festival am Marktplatz stattfand.<\/p>\n\n\n\n<p>Seit September 2014 ist das Innside die B\u00fchne f\u00fcr die Musiker\/innen des TAT-TonArtTirol-Projektes <strong>Jazz &amp; more<\/strong>.<\/p>\n\n\n\n<p class=\"has-medium-font-size\"><strong>Aktuelles Programm live@innside Jazz in Innsbruck Tirol<\/strong><\/p>\n\n\n\n<p class=\"has-large-font-size\"><strong>NEXT JAZZ EVENT<\/strong><br><strong>&#108;&#x69;&#x76;e&#64;&#x69;n&#110;&#x73;&#x69;&#100;&#x65;&#x2e;a&#116; !<\/strong><\/p>\n\n\n\n<p class=\"has-medium-font-size\">Das Innside Pils ist wieder ge\u00f6ffnet von Montag bis Sonntag von 18:00 bis 24:00 Uhr und startet durch mit Live-Musik in Innsbruck Anpruggen Mariahilf mit<\/p>\n\n\n\n<p><\/p>\n\n\n\n<figure class=\"wp-block-image\"><img loading=\"lazy\" decoding=\"async\" width=\"640\" height=\"640\" src=\"https:\/\/www.innside.at\/wp-content\/uploads\/2020\/07\/20200704_Sabine_gruber-1.jpg\" alt=\"Live-Music in Innsbruck Anpruggen\" class=\"wp-image-770\" srcset=\"https:\/\/www.innside.at\/wp-content\/uploads\/2020\/07\/20200704_Sabine_gruber-1.jpg 640w, https:\/\/www.innside.at\/wp-content\/uploads\/2020\/07\/20200704_Sabine_gruber-1-300x300.jpg 300w, https:\/\/www.innside.at\/wp-content\/uploads\/2020\/07\/20200704_Sabine_gruber-1-150x150.jpg 150w\" sizes=\"auto, (max-width: 640px) 100vw, 640px\" \/><\/figure>\n\n\n\n<p><\/p>\n\n\n\n<p class=\"has-large-font-size\">Sabine Gruber \u2013 Zither und Gesang<\/p>\n\n\n\n<p class=\"has-large-font-size\">live@innside<\/p>\n\n\n\n<p class=\"has-large-font-size\">am Freitag 17.07.2020<\/p>\n\n\n\n<p class=\"has-large-font-size\">um 20:15 Uhr<\/p>\n\n\n\n<p><strong>Live-Musik in Innsbruck Anpruggen Mariahilf<\/strong><\/p>\n\n\n\n<p>Sabine Gruber aus der Wildsch\u00f6nau hat w\u00e4hrend ihres Zitherstudiums am Tiroler Landeskonservatorium bemerkt, dass die Zither allein und ihre gewohnte Spielweise ihr nicht genug ist. Sie begann fortan, zu ihrem Zitherspiel zu singen. Ihr Repertoire reicht vom \u201eHarry-Lime-Theme\u201c \u00fcber Georg Danzer, Ludwig Hirsch und W.Ambros bis zu Jazz und Blues Titeln wie \u201eWhat A Wonderful World\u201c von Louis Armstrong.<\/p>\n\n\n\n<p>Im Corona-Shut-Down hat Sabine Gruber mit ihren Online-Home-Konzerten den Burenwirt-Express in H\u00f6tting unterst\u00fctzt und war Teil einer gro\u00dfen K\u00fcnstlergemeinschaft, die regelm\u00e4\u00dfig Online oder als Balkonkonzerte Lebensfreude in einer tristen Zeit vermittelt hat. Music matters !<\/p>\n\n\n\n<p><\/p>\n\n\n\n<p><\/p>\n\n\n\n<p><\/p>\n\n\n\n<p><strong>Es geht weiter !\u00a0 Innside Jazz in Innsbruck Tirol !<\/strong><\/p>\n\n\n\n<p style=\"font-size:30px\">Donnerstag  28. November 2019, 20:15 Uhr<\/p>\n\n\n\n<p class=\"has-huge-font-size\">Kirchmair Quartett<\/p>\n\n\n\n<p class=\"has-large-font-size\">Rupert Kirchmair &#8211; Klavier<br>\nFlorian Bramb\u00f6ck &#8211; Saxophon<br>\nFlo Baumgartner &#8211; Schlagzeug<br>\nJohannes Sigl &#8211; Bass<\/p>\n\n\n\n<p>F\u00fcr die Besetzung seines Quartetts hat Rupert Kirchmair Routiniers der Tiroler Jazzszene um sich geschart: Florian Bramb\u00f6ck am Saxophon, Flo Baumgartner am Schlagzeug und Johannes Sigl am Bass. Unverwechselbar sollte die eigene Musik sein, aber dennoch von der Tradition gepr\u00e4gt. Entstanden ist eine Band, die Einfl\u00fcsse aus der Rock\u00ad und der klassischen Musik aufnimmt und zu einem neuen Ganzen verbindet \u2013 von lyrisch filigran bis ekstatisch spr\u00fchend. <\/p>\n\n\n\n<p>H\u00f6rproben:<\/p>\n\n\n\n<figure class=\"wp-block-embed-youtube wp-block-embed is-type-video is-provider-youtube wp-embed-aspect-16-9 wp-has-aspect-ratio\"><div class=\"wp-block-embed__wrapper\">\n<iframe loading=\"lazy\" title=\"L\u00e1szl\u00f3 Demeter mit Rupert Kirchmair Quartett\" width=\"584\" height=\"329\" src=\"https:\/\/www.youtube.com\/embed\/9bIkRA6JeqY?feature=oembed\" frameborder=\"0\" allow=\"accelerometer; autoplay; clipboard-write; encrypted-media; gyroscope; picture-in-picture; web-share\" referrerpolicy=\"strict-origin-when-cross-origin\" allowfullscreen><\/iframe>\n<\/div><\/figure>\n\n\n\n<figure class=\"wp-block-embed-youtube wp-block-embed is-type-video is-provider-youtube wp-embed-aspect-16-9 wp-has-aspect-ratio\"><div class=\"wp-block-embed__wrapper\">\n<iframe loading=\"lazy\" title=\"L\u00e1szl\u00f3 Demeter mit Rupert Kirchmair Quartett\" width=\"584\" height=\"329\" src=\"https:\/\/www.youtube.com\/embed\/xmaR9U8AlkA?feature=oembed\" frameborder=\"0\" allow=\"accelerometer; autoplay; clipboard-write; encrypted-media; gyroscope; picture-in-picture; web-share\" referrerpolicy=\"strict-origin-when-cross-origin\" allowfullscreen><\/iframe>\n<\/div><\/figure>\n\n\n\n<p><a href=\"https:\/\/www.youtube.com\/watch?v=soXNXIQTRsE\">https:\/\/www.youtube.com\/watch?v=soXNXIQTRsE<\/a><\/p>\n\n\n\n<p><\/p>\n\n\n\n<p><\/p>\n\n\n\n<p>Leider ist Roberta Piket erkrankt und konnte die Reise nach Europa nicht  antreten. Ihr Ehemann Billy Mintz ist an ihrer Seite.Beide bedauern  dies sehr und schicken ihren Bassisten Masa Kamaguchi zu uns.<\/p>\n\n\n\n<p> <\/p>\n\n\n\n<p style=\"font-size:34px\"><strong>Donnerstag, 02. Mai 2019, 20:15 Uhr<\/strong><\/p>\n\n\n\n<p style=\"font-size:22px\"><strong>ROLAND HEINZ \/ MASA KAMAGUCHI \/ WOLFI RAINER<\/strong><\/p>\n\n\n\n<p class=\"has-large-font-size\"><strong>MODERN JAZZ TRIO<\/strong><\/p>\n\n\n\n<p style=\"font-size:27px\"><strong>Roland Heinz &#8211; Gitarre<br>Masa Kamaguchi  &#8211; Bass<br>Wolfi Rainer &#8211; Schlagzeug<\/strong><\/p>\n\n\n\n<p>Das Jazz-Konzert in der unten angef\u00fchrten Bestzung muss auf Grund der Erkrankung von Roberta Piket abgesagt bzw. auf unbestimmte Zeit verschoben werden !<\/p>\n\n\n\n<p style=\"font-size:26px\"><strong>Donnerstag, 02. Mai 2019, 20:15 Uhr<\/strong><\/p>\n\n\n\n<p class=\"has-text-align-left has-medium-font-size\"><strong>ROLAND HEINZ \/ ROBERTA PIKET \/ BILLY MINTZ<\/strong><br><strong>MODERN JAZZ TRIO<\/strong><br><strong>Roberta Piket &#8211; Klavier<\/strong><br><strong>Roland Heinz &#8211; Gitarre<\/strong><br><strong>Billy Mintz &#8211; Drums<\/strong><\/p>\n\n\n\n<p>Roberta Piket und Billy Mintz reisen aus New York an.<\/p>\n\n\n\n<p>Roland Heinz, geboren in Sidney, Australien,<br>gepr\u00e4gt von der Musikszene in New York,<br>von Gr\u00f6\u00dfen wie John Abercrombie,<br>wohnhaft in Anpruggen-St.Nikolaus<br>hat wieder G\u00e4ste eingeladen.<\/p>\n\n\n\n<p>Manche werden sich vielleicht noch an das erste Konzert<br>in dieser Besetzung im Innside im Jahr 2016 erinnern.<br>Es war der H\u00f6hepunkt von &#x6c;&#x69;&#x76;&#x65;&#x40;&#x69;&#x6e;&#x6e;&#x73;&#x69;&#x64;&#101;&#46;&#97;&#116; bisher.<\/p>\n\n\n\n<p>Weitere Informationen unter:<br>www.innside.at<br>www.rolandheinz.com<br>www.robertajazz.com<br>www.billymintz.com<\/p>\n\n\n\n<figure class=\"wp-block-image\"><img loading=\"lazy\" decoding=\"async\" width=\"397\" height=\"265\" src=\"https:\/\/www.innside.at\/wp-content\/uploads\/2019\/04\/Roberta_kl_wm.jpg\" alt=\"Jazz in Innsbruck Tirol\" class=\"wp-image-686\" srcset=\"https:\/\/www.innside.at\/wp-content\/uploads\/2019\/04\/Roberta_kl_wm.jpg 397w, https:\/\/www.innside.at\/wp-content\/uploads\/2019\/04\/Roberta_kl_wm-300x200.jpg 300w\" sizes=\"auto, (max-width: 397px) 100vw, 397px\" \/><\/figure>\n\n\n\n<figure class=\"wp-block-image\"><img loading=\"lazy\" decoding=\"async\" width=\"425\" height=\"283\" src=\"https:\/\/www.innside.at\/wp-content\/uploads\/2019\/04\/RolandBilly_kl_wm.jpg\" alt=\"Jazz in Innsbruck Tirol\" class=\"wp-image-687\" srcset=\"https:\/\/www.innside.at\/wp-content\/uploads\/2019\/04\/RolandBilly_kl_wm.jpg 425w, https:\/\/www.innside.at\/wp-content\/uploads\/2019\/04\/RolandBilly_kl_wm-300x200.jpg 300w\" sizes=\"auto, (max-width: 425px) 100vw, 425px\" \/><\/figure>\n\n\n\n<p>Billy Mintz and Roland Heinz 2016 &#x6c;&#x69;&#x76;&#x65;&#x40;&#x69;&#110;&#110;&#115;&#105;de&#46;a&#x74;<\/p>\n\n\n\n<p><\/p>\n\n\n\n<p><\/p>\n\n\n\n<p><strong>Das war das Jahr 2018<\/strong><\/p>\n\n\n\n<div class=\"wp-block-image\"><figure class=\"aligncenter\"><a href=\"https:\/\/www.innside.at\/wp-content\/uploads\/2018\/10\/20181108_Kirchmair_Quartett.jpg\"><img loading=\"lazy\" decoding=\"async\" width=\"300\" height=\"216\" src=\"https:\/\/www.innside.at\/wp-content\/uploads\/2018\/10\/20181108_Kirchmair_Quartett-300x216.jpg\" alt=\"Innnide Jazz Blues in Innsbruck\" class=\"wp-image-674\" srcset=\"https:\/\/www.innside.at\/wp-content\/uploads\/2018\/10\/20181108_Kirchmair_Quartett-300x216.jpg 300w, https:\/\/www.innside.at\/wp-content\/uploads\/2018\/10\/20181108_Kirchmair_Quartett-768x552.jpg 768w, https:\/\/www.innside.at\/wp-content\/uploads\/2018\/10\/20181108_Kirchmair_Quartett-1024x736.jpg 1024w, https:\/\/www.innside.at\/wp-content\/uploads\/2018\/10\/20181108_Kirchmair_Quartett-417x300.jpg 417w\" sizes=\"auto, (max-width: 300px) 100vw, 300px\" \/><\/a><\/figure><\/div>\n\n\n\n<p><strong>Donnerstag 08. November 2018, 20:15 Uhr<\/strong><\/p>\n\n\n\n<div align=\"center\"><strong>Kirchmair Quartett<\/strong><b><br><\/b><b>Rupert Kirchmair &#8211; Klavier<br>Florian Bramb\u00f6ck &#8211; Saxophon<br>Flo Baumgartner &#8211; Schlagzeug<br>Johannes Sigl &#8211; Bass<br><\/b><\/div>\n\n\n\n<p><b><br><\/b>F\u00fcr die Besetzung seines Quartetts hat Rupert Kirchmair Routiniers der Tiroler Jazzszene um sich geschart: Florian Bramb\u00f6ck am Saxophon, Flo Baumgartner am Schlagzeug und Johannes Sigl am Bass. Unverwechselbar sollte die eigene Musik sein, aber dennoch von der Tradition gepr\u00e4gt. Entstanden ist eine Band, die Einfl\u00fcsse aus der Rock\u00ad und der klassischen Musik aufnimmt und zu einem neuen Ganzen verbindet \u2013 von lyrisch filigran bis ekstatisch spr\u00fchend.<\/p>\n\n\n\n<div align=\"center\"><b>H\u00f6rproben:<\/b><\/div>\n\n\n\n<div align=\"center\">&nbsp;<\/div>\n\n\n\n<div align=\"center\"><b><br><\/b><b>https:\/\/www.youtube.com\/watch?v=9bIkRA6JeqY<\/b><\/div>\n\n\n\n<div align=\"center\"><b>https:\/\/www.youtube.com\/watch?v=xmaR9U8AlkA<\/b><\/div>\n\n\n\n<div align=\"center\"><b>https:\/\/www.youtube.com\/watch?v=soXNXIQTRsE<\/b><\/div>\n\n\n\n<div align=\"center\">&nbsp;<\/div>\n\n\n\n<p>Die lange Nacht der Musik in Innsbruck bringt ein besonderes Musikerlebnis ins Innside.<\/p>\n\n\n\n<div class=\"wp-block-image\"><figure class=\"aligncenter\"><a href=\"https:\/\/www.innside.at\/wp-content\/uploads\/2018\/07\/csm_biribiri_00c60259ca.jpg\"><img loading=\"lazy\" decoding=\"async\" width=\"300\" height=\"199\" src=\"https:\/\/www.innside.at\/wp-content\/uploads\/2018\/07\/csm_biribiri_00c60259ca-300x199.jpg\" alt=\"Lange Nacht der Musik in Innsbruck\" class=\"wp-image-666\" srcset=\"https:\/\/www.innside.at\/wp-content\/uploads\/2018\/07\/csm_biribiri_00c60259ca-300x199.jpg 300w, https:\/\/www.innside.at\/wp-content\/uploads\/2018\/07\/csm_biribiri_00c60259ca-452x300.jpg 452w, https:\/\/www.innside.at\/wp-content\/uploads\/2018\/07\/csm_biribiri_00c60259ca.jpg 600w\" sizes=\"auto, (max-width: 300px) 100vw, 300px\" \/><\/a><\/figure><\/div>\n\n\n\n<p><strong>Donnerstag 12.07.2018 &#8211; ab 20:00 Uhr<\/strong><\/p>\n\n\n\n<p><strong>BIRI BIRI<\/strong><\/p>\n\n\n\n<p><strong>Birgit Kubica &#8211; Gesang<\/strong><\/p>\n\n\n\n<p><strong>Rita Goller &#8211; Klavier<\/strong><\/p>\n\n\n\n<p>Christmas in Innsbruck with Jazz starring:<\/p>\n\n\n\n<figure class=\"wp-block-image\"><a href=\"http:\/\/www.jazzaster.com\"><img loading=\"lazy\" decoding=\"async\" width=\"300\" height=\"90\" src=\"https:\/\/www.innside.at\/wp-content\/uploads\/2015\/11\/jazzaster_logo-300x90.png\" alt=\"Christmas in Innsbruck with Jazz\" class=\"wp-image-406\" srcset=\"https:\/\/www.innside.at\/wp-content\/uploads\/2015\/11\/jazzaster_logo-300x90.png 300w, https:\/\/www.innside.at\/wp-content\/uploads\/2015\/11\/jazzaster_logo.png 378w\" sizes=\"auto, (max-width: 300px) 100vw, 300px\" \/><\/a><\/figure>\n\n\n\n<p><strong>Freitag 15. Dezember 2017, 20:15 Uhr<\/strong><\/p>\n\n\n\n<p><strong>JAZZASTER &#8211; CHRISTMAS SPECIAL<\/strong><\/p>\n\n\n\n<p>Esther Cede-Perlot &#8211; Gesang<br>Harald Schneider &#8211; Saxofon<br>Rita Goller &#8211; Klavier<\/p>\n\n\n\n<figure class=\"wp-block-image\"><a href=\"https:\/\/www.innside.at\/wp-content\/uploads\/2017\/12\/esharri_Trio_kl.png\"><img loading=\"lazy\" decoding=\"async\" width=\"300\" height=\"200\" src=\"https:\/\/www.innside.at\/wp-content\/uploads\/2017\/12\/esharri_Trio_kl-300x200.png\" alt=\"Christmas in Innsbruck with Jazz\" class=\"wp-image-643\" srcset=\"https:\/\/www.innside.at\/wp-content\/uploads\/2017\/12\/esharri_Trio_kl-300x200.png 300w, https:\/\/www.innside.at\/wp-content\/uploads\/2017\/12\/esharri_Trio_kl-768x513.png 768w, https:\/\/www.innside.at\/wp-content\/uploads\/2017\/12\/esharri_Trio_kl-449x300.png 449w, https:\/\/www.innside.at\/wp-content\/uploads\/2017\/12\/esharri_Trio_kl.png 1000w\" sizes=\"auto, (max-width: 300px) 100vw, 300px\" \/><\/a><\/figure>\n\n\n\n<p><strong>Der R\u00fcckblick auf fr\u00fchere live@innside Termine:<\/strong><\/p>\n\n\n\n<p><strong><span style=\"font-size: x-large;\">Freitag 08. September 2017, 20:15 Uhr<\/span><\/strong><\/p>\n\n\n\n<p><strong><span style=\"font-family: Liberation Serif,serif;\"><span style=\"font-size: xx-large;\">Roland Heinz and friends<\/span><\/span><\/strong><\/p>\n\n\n\n<div style=\"text-align: left;\" align=\"center\">&nbsp;<\/div>\n\n\n\n<div style=\"text-align: left;\" align=\"center\"><strong><span style=\"font-size: large;\">Leszek Zadlo &#8211; Saxophon, Fl\u00f6te<\/span><\/strong><\/div>\n\n\n\n<div align=\"center\">\n<p align=\"left\"><strong><span style=\"font-size: large;\">Roland Heinz &#8211; Gitarre<\/span><\/strong><\/p>\n<p align=\"left\"><strong><span style=\"font-size: large;\">Masa Kamaguchi &#8211; Kontrabass<\/span><\/strong><\/p>\n<p align=\"left\"><strong><span style=\"font-size: large;\">Charlie Fischer &#8211; Drums<\/span><\/strong><\/p>\n<\/div>\n\n\n\n<div align=\"center\">&nbsp;<\/div>\n\n\n\n<div align=\"center\">&nbsp;<\/div>\n\n\n\n<div style=\"text-align: left;\" align=\"center\">\n<\/div>\n\n\n\n<figure class=\"wp-block-image alignnone\"><a href=\"https:\/\/www.innside.at\/wp-content\/uploads\/2016\/02\/Roland_Heinz.jpg\"><img loading=\"lazy\" decoding=\"async\" width=\"225\" height=\"300\" src=\"https:\/\/www.innside.at\/wp-content\/uploads\/2016\/02\/Roland_Heinz-225x300.jpg\" alt=\"Jazz in Innsbruck\" class=\"wp-image-493\" srcset=\"https:\/\/www.innside.at\/wp-content\/uploads\/2016\/02\/Roland_Heinz-225x300.jpg 225w, https:\/\/www.innside.at\/wp-content\/uploads\/2016\/02\/Roland_Heinz-768x1024.jpg 768w, https:\/\/www.innside.at\/wp-content\/uploads\/2016\/02\/Roland_Heinz.jpg 1560w\" sizes=\"auto, (max-width: 225px) 100vw, 225px\" \/><\/a><figcaption>Roland Heinz<\/figcaption><\/figure>\n\n\n\n<p><span style=\"font-family: Segoe UI;\">Immer wenn Roland Heinz Besuch bekommt, dann handelt es sich bei seinen G\u00e4sten um Musiker\/innen von internationalem Spitzenniveau, die man normalerweise nur in gro\u00dfen Konzerts\u00e4len oder auf Musikhochschulen irgendwo im Ausland zu h\u00f6ren bekommt.<\/span><\/p>\n\n\n\n<div style=\"text-align: left;\" align=\"center\">\n<p>Im September werden die Innside Jazz-Fans wieder ein Programm von besonderer Qualit\u00e4t serviert bekommen.<\/p>\n<\/div>\n\n\n\n<div style=\"text-align: left;\" align=\"center\"><span style=\"font-family: Segoe UI;\">Herzlichen Dank an Roland Heinz und seiner Liebe zu seinem Stadtteil Anpruggen.<br><\/span><span style=\"font-family: Segoe UI; font-size: large;\"><b><br><\/b><\/span><\/div>\n\n\n\n<div style=\"text-align: left;\" align=\"center\">&nbsp;<\/div>\n\n\n\n<h1 class=\"wp-block-heading\"><strong>Erinnerungen an das Programm Jazz&amp;more Oktober 2016 bis M\u00e4rz 2017:<\/strong><\/h1>\n\n\n\n<h1 class=\"wp-block-heading\"><figure><a href=\"https:\/\/www.innside.at\/wp-content\/uploads\/2015\/10\/Innside_Inserat_1.png\"><img loading=\"lazy\" decoding=\"async\" class=\"alignnone wp-image-615 size-medium\" src=\"https:\/\/www.innside.at\/wp-content\/uploads\/2015\/10\/Innside_Inserat_1-225x300.png\" alt=\"Jazz in Innsbruck Tirol\" width=\"225\" height=\"300\" srcset=\"https:\/\/www.innside.at\/wp-content\/uploads\/2015\/10\/Innside_Inserat_1-225x300.png 225w, https:\/\/www.innside.at\/wp-content\/uploads\/2015\/10\/Innside_Inserat_1.png 413w\" sizes=\"auto, (max-width: 225px) 100vw, 225px\" \/><\/a><\/figure><\/h1>\n\n\n\n<h2 class=\"wp-block-heading\">&nbsp;<\/h2>\n\n\n\n<h2 class=\"wp-block-heading\">&nbsp;<\/h2>\n\n\n\n<h2 class=\"wp-block-heading\"><strong>Freitag 24.03.2017, 201:15 Uhr<\/strong><\/h2>\n\n\n\n<figure class=\"wp-block-image\"><a href=\"https:\/\/www.innside.at\/wp-content\/uploads\/2016\/10\/13932852_865777490223941_7846063559987926155_n.jpg\"><img loading=\"lazy\" decoding=\"async\" width=\"300\" height=\"111\" src=\"https:\/\/www.innside.at\/wp-content\/uploads\/2016\/10\/13932852_865777490223941_7846063559987926155_n-300x111.jpg\" alt=\"Innside Jazz Blues in Innsbruck Tirol\" class=\"wp-image-618\" srcset=\"https:\/\/www.innside.at\/wp-content\/uploads\/2016\/10\/13932852_865777490223941_7846063559987926155_n-300x111.jpg 300w, https:\/\/www.innside.at\/wp-content\/uploads\/2016\/10\/13932852_865777490223941_7846063559987926155_n-768x283.jpg 768w, https:\/\/www.innside.at\/wp-content\/uploads\/2016\/10\/13932852_865777490223941_7846063559987926155_n-500x184.jpg 500w, https:\/\/www.innside.at\/wp-content\/uploads\/2016\/10\/13932852_865777490223941_7846063559987926155_n.jpg 851w\" sizes=\"auto, (max-width: 300px) 100vw, 300px\" \/><\/a><\/figure>\n\n\n\n<p><strong>FernAndra &#8211; chansons de la vie<\/strong><\/p>\n\n\n\n<p><strong> Laura Marberger, Gesang <\/strong><\/p>\n\n\n\n<p><strong>Felix Kremsner, Gitarre<br><\/strong><\/p>\n\n\n\n<p>FernAndra interpretieren Chansons, Jazz &amp; Blues Standards in eigenen Arrangements, wobei sie sich Elementen des Bossa Nova und Swing bedienen.<br>Die beeindruckende Stimme der S\u00e4ngerin Laura Marberger in Begleitung von Gitarrist Felix Kremsner zieht die Zuh\u00f6rer vom ersten Augenblick an in ihren Bann und hinterl\u00e4sst einen unvergesslichen Eindruck.<\/p>\n\n\n\n<p><strong>Innside Jazz in Innsbruck Tirol<br><\/strong><\/p>\n\n\n\n<p>live@innside !<\/p>\n\n\n\n<h2 class=\"wp-block-heading\"><strong>Freitag 24.02.2017, 20:15 Uhr<\/strong><\/h2>\n\n\n\n<p><strong>Stephan Costa Trio<\/strong><br>as Moonlight-Trio starring<br>Stephan Costa &#8211; Piano<br>Romed Hopfgartner &#8211; Sax<br>Wolfgang Rainer &#8211; Drums<\/p>\n\n\n\n<p>mit eigenen Kompositionen und Bearbeitungen in kleiner Besetzung !<br>Viel sch\u00f6ne Musik ! Ein paar Titel von Jan Garbarek werden auch dabei sein !<\/p>\n\n\n\n<figure class=\"wp-block-image alignnone\"><a href=\"https:\/\/www.innside.at\/wp-content\/uploads\/2016\/10\/Stphan_Costa_Trio_2016_kl.png\"><img loading=\"lazy\" decoding=\"async\" width=\"176\" height=\"300\" src=\"https:\/\/www.innside.at\/wp-content\/uploads\/2016\/10\/Stphan_Costa_Trio_2016_kl-176x300.png\" alt=\"Jazz in Innsbruck Tirol\" class=\"wp-image-597\" srcset=\"https:\/\/www.innside.at\/wp-content\/uploads\/2016\/10\/Stphan_Costa_Trio_2016_kl-176x300.png 176w, https:\/\/www.innside.at\/wp-content\/uploads\/2016\/10\/Stphan_Costa_Trio_2016_kl.png 600w\" sizes=\"auto, (max-width: 176px) 100vw, 176px\" \/><\/a><figcaption>Stephan Costa Trio 2016 live@innside<\/figcaption><\/figure>\n\n\n\n<p><strong>Stephan Costa Trio 2017<\/strong><\/p>\n\n\n\n<p><strong>Moonlight Trio<\/strong><\/p>\n\n\n\n<figure class=\"wp-block-image\"><a href=\"https:\/\/www.innside.at\/wp-content\/uploads\/2016\/10\/Stephan-Costa-Foto-2_kl.jpg\"><img loading=\"lazy\" decoding=\"async\" width=\"150\" height=\"218\" src=\"https:\/\/www.innside.at\/wp-content\/uploads\/2016\/10\/Stephan-Costa-Foto-2_kl.jpg\" alt=\"Innside Jazz Blues in Innsbruck Tirol\" class=\"wp-image-599\"\/><\/a><\/figure>\n\n\n\n<h2 class=\"wp-block-heading\"><strong>Stephan Costa &#8211; Klavier<\/strong><\/h2>\n\n\n\n<p>Stephan Costa studierte Klavier Jazz und Komosition\/Arrangement bei Harald Neuwirth\/ Helmuth Iberer\/ Dejan Pecenko und Christoph Cech&nbsp; an der Musikhochschule Graz bzw Bruckner-Privatuniversit\u00e4t&nbsp; in Linz. Seit seinem 16. Lebensjahr besch\u00e4ftigt er sich mit dem Thema Jazz Improvisation. Durch zahlreiche Projekte und Auftritte vom Solo bis zur Big Band, sowie Meisterkurse bei Ellis Marsalis, Ray Anderson, Franco d\u00b4Andrea und Joey Calderazzo verf\u00fcgt er \u00fcber lange Erfahrung in verschiedensten Klangk\u00f6rpern. Im Rahmen seiner Unterrichtst\u00e4tigkeit&nbsp; konnte er mit internationalen Musikern wie Bob Mintzer, Randy Brecker, Maria Schneider, Ray Anderson,&nbsp; Ernie Watts, Niels Landgren , Wolfgang Mitterer u.a. zusammenarbeiten. Live-Auftritte und CD-Produktionen mit verschiedenen Tiroler Formationen (die Erben, Stephan Costa Trio, Jazzorchester Tirol) im In- und Ausland; Zahlreiche Theaterengagements als Komponist, musikalischer Leiter oder Pianist erg\u00e4nzen seine musikalische Arbeit. Seit 1991 leitet Stephan Costa den Fachbereich Jazz &amp; improvisierte Musik am Tiroler Landeskonservatorium und unterrichtet auch am Mozarteum Innsbruck.<\/p>\n\n\n\n<figure class=\"wp-block-image\"><a href=\"https:\/\/www.innside.at\/wp-content\/uploads\/2016\/10\/Romed_Hopfgartner_1kl.jpeg\"><img loading=\"lazy\" decoding=\"async\" width=\"150\" height=\"225\" src=\"https:\/\/www.innside.at\/wp-content\/uploads\/2016\/10\/Romed_Hopfgartner_1kl.jpeg\" alt=\"Innside Jazz Blues in Innsbruck Tirol\" class=\"wp-image-600\"\/><\/a><\/figure>\n\n\n\n<figure class=\"wp-block-image\"><a href=\"https:\/\/www.innside.at\/wp-content\/uploads\/2016\/10\/Romed_Hopfgartner_2_KI.jpg\"><img loading=\"lazy\" decoding=\"async\" width=\"150\" height=\"53\" src=\"https:\/\/www.innside.at\/wp-content\/uploads\/2016\/10\/Romed_Hopfgartner_2_KI.jpg\" alt=\"Innside Jazz Blues in Innsbruck\" class=\"wp-image-601\"\/><\/a><\/figure>\n\n\n\n<h2 class=\"wp-block-heading\"><strong>Romed Hopfgartner &#8211; Sax<\/strong><\/h2>\n\n\n\n<p>Romed Hopfgartner studierte am Tiroler Landeskonservatorium in Innsbruck und an der Universit\u00e4t f\u00fcr Musik und darstellender Kunst in Wien. Er erhielt den Solistenpreis beim Tiroler Jazzwettbewerb 2000. Seit 2007 ist er neben seiner k\u00fcnstlerischen T\u00e4tigkeit Lehrbeauftragter am Mozarteum Innsbruck. Der in Wien lebende Saxophonist ist seit \u00fcber 10 Jahren in der Jazzszene aktiv und als Mitwirkende bei Nenad Vasilic, Franui, Nouvelle Cuisine Big Band, u.a. zu h\u00f6ren. Obwohl sein Spiel im wesentlichen in der langen Jazztradition verwurzelt ist, sind seine klassische Ausbildung sowie der musikalische Austausch mit brasilianischen (Alegre Correa, Lili Araujo, usw.) und serbischen (Nenad Vasilic) K\u00fcnstlern und die Leidenschaft f\u00fcr afrikanische Musik Inspirationsquellen f\u00fcr sein eigenes Schaffen. Genau diese Aspekte geben seiner Musik eine einzigartige und unverwechselbare Qualit\u00e4t, die einem gleichzeitig bekannt aber auch innovativ vorkommen. 2016 erhielt Romed Hopfgartner den TAT Jazzpreis der Stadt Innsbruck.<\/p>\n\n\n\n<figure class=\"wp-block-image\"><a href=\"https:\/\/www.innside.at\/wp-content\/uploads\/2016\/10\/wolfi-rainer_kl.jpg\"><img loading=\"lazy\" decoding=\"async\" width=\"150\" height=\"219\" src=\"https:\/\/www.innside.at\/wp-content\/uploads\/2016\/10\/wolfi-rainer_kl.jpg\" alt=\"Innside Jazz Blues in Innsbruck Tirol\" class=\"wp-image-602\"\/><\/a><\/figure>\n\n\n\n<h2 class=\"wp-block-heading\"><strong>Wolfgang Rainer &#8211; Drums<\/strong><\/h2>\n\n\n\n<p>Wolfgang Rainer, Drums Geboren am 22.10.1977 in Innsbruck. Mit 13 Jahren entdeckt er das Schlagzeug f\u00fcr sich. Zuerst Musikschule und Konservatorium in Innsbruck, dann ein Studium im Bereich Jazz-Schlagzeug an der Universit\u00e4t f\u00fcr Musik und darstellenden Kunst in Graz. 2005 schliesst er dieses mit Auszeichnung ab. Der W\u00fcrdigungspreis des Rektor erm\u00f6glicht ihm einen Fortbildungsaufenthalt in New York, wo er 2007 in Brooklyn sein Debutalbum \u201eWolfi Rainer\u2019s Gotham Tales\u201c zusammen mit George Garzone, David Gilmore, Mike Holober und Kenny Davis aufnimmt.<\/p>\n\n\n\n<p>Zur\u00fcck in Europa verlegt er seinen Lebensmittelpunkt nach Wien und arbeitet u.a. zusammen mit Erich Kleinschuster, Karl Ratzer, Ray Anderson, Mino Cinelu, dem Ed Partyka \u2013Flip Philipp Dectet, der Robert Bachner Big Band, u.v.a.. Er spielt auf Festivals in \u00d6sterreich, Deutschland, Italien, in Osteuropa, USA und Japan.<\/p>\n\n\n\n<p>2014 wurde ihm der Jazzpreis der Stadt Innsbruck verliehen.<\/p>\n\n\n\n<h1 class=\"wp-block-heading\"><strong>R\u00fcckblick live@innside:<\/strong><\/h1>\n\n\n\n<h1 class=\"wp-block-heading\">Jazz in Innsbruck Tirol<\/h1>\n\n\n\n<p>Ab Mai 2015 ging es mit eigenem <strong>live@innside <\/strong>Programm weiter:<\/p>\n\n\n\n<p>Leider hatte Roland Heinz uns mitgeteilt, dass er gesundheitsbedingt nicht auftreten kann. Sein Partner Bernd Haas hat daher kurzfristig ein Ersatzprogramm zusammengestellt. <span style=\"color: #000000;\">Haas (guitar)\/Sigl(bass)\/Baumgartner(drums) begeisterten am Freitag 08.05.2015 <\/span><span style=\"color: #0000ff;\"><span style=\"color: #000000;\">als &#8218;European Chamber Jazz&#8216;<\/span><\/span> <b>und interpretierten Jazz-Standards auf ihre eigene Art wobei die Interaktion der drei Musiker im Vordergrund stand.<\/b><\/p>\n\n\n\n<div><b>&nbsp;<\/b>Am 12.06.2015 interpretierten Jazzaster im Duo &#8211; Esther Cede-Perlot &#8211; Gesang, Saxophon und Rita Goller &#8211; Piano, 2 besonders h\u00fcbsche junge Frauen, die f\u00fcr die Musik leben, neben bekannten Swing- und Blues-Nummern auch tolle Hits aus der Pop, Soul- und Funkwelt.<\/div>\n\n\n\n<div>&nbsp;<\/div>\n\n\n\n<h1 class=\"wp-block-heading\">Jazz in Innsbruck Tirol<\/h1>\n\n\n\n<h1 class=\"wp-block-heading\">Aftershows im Rahmen des New Orleans Festival 2015<\/h1>\n\n\n\n<div>Das Innside Pilspub beteiligte sich bei den Aftershows des New Orleans Festival 2015. Am Freitag 17.Juli 2015 waren <strong>Anna Widauer<\/strong> &#8211; Gesang und <strong>Floh Plattner<\/strong> &#8211; Gitarre live@innside zu Gast und am Samstag, 18.Juli 2015, 22:30 Uhr begeisterte<strong> Marc Stone aus New Orleans<\/strong> &#8211; Gesang, Gitarre und <strong>Christof Waibel alias Stompin\u00b4 Howie<\/strong> &#8211; Piano. Der k\u00fcnstlerische Leiter des New Orleans Festival<strong> Markus Linder<\/strong> lie\u00df es sich nicht nehmen den jungen Bands Support zu geben. Danke Markus !<\/div>\n\n\n\n<div>&nbsp;<\/div>\n\n\n\n<h1 class=\"wp-block-heading\"><strong>Innside Jazz in Innsbruck Tirol<br><\/strong><\/h1>\n\n\n\n<h1 class=\"wp-block-heading\">Herbst 2015<\/h1>\n\n\n\n<h1 class=\"wp-block-heading\">Es geht wieder los !<br>live@innside<\/h1>\n\n\n\n<figure class=\"wp-block-image\"><a href=\"https:\/\/www.innside.at\/wp-content\/uploads\/2015\/10\/Flyer_Innside.jpg\"><img loading=\"lazy\" decoding=\"async\" width=\"213\" height=\"300\" src=\"https:\/\/www.innside.at\/wp-content\/uploads\/2015\/10\/Flyer_Innside-213x300.jpg\" alt=\"Jazz in Innsbruck Tirol\" class=\"wp-image-335\" srcset=\"https:\/\/www.innside.at\/wp-content\/uploads\/2015\/10\/Flyer_Innside-213x300.jpg 213w, https:\/\/www.innside.at\/wp-content\/uploads\/2015\/10\/Flyer_Innside.jpg 620w\" sizes=\"auto, (max-width: 213px) 100vw, 213px\" \/><\/a><\/figure>\n\n\n\n<p><strong>SEPTEMBER 2015<\/strong><\/p>\n\n\n\n<h1 class=\"wp-block-heading\">Freitag 09. Oktober 2015, 21:00 Uhr lve@innside<\/h1>\n\n\n\n<figure class=\"wp-block-image\"><a href=\"https:\/\/www.innside.at\/wp-content\/uploads\/2015\/10\/sara_koell_web.jpg\"><img loading=\"lazy\" decoding=\"async\" width=\"225\" height=\"300\" src=\"https:\/\/www.innside.at\/wp-content\/uploads\/2015\/10\/sara_koell_web-225x300.jpg\" alt=\"Sara Koell Jazz in Innsbruck Tirol\" class=\"wp-image-313\" srcset=\"https:\/\/www.innside.at\/wp-content\/uploads\/2015\/10\/sara_koell_web-225x300.jpg 225w, https:\/\/www.innside.at\/wp-content\/uploads\/2015\/10\/sara_koell_web-768x1024.jpg 768w, https:\/\/www.innside.at\/wp-content\/uploads\/2015\/10\/sara_koell_web.jpg 1772w\" sizes=\"auto, (max-width: 225px) 100vw, 225px\" \/><\/a><\/figure>\n\n\n\n<p><strong>Sara Koell &#8211; Gesang<\/strong><\/p>\n\n\n\n<figure class=\"wp-block-image\"><a href=\"https:\/\/www.innside.at\/wp-content\/uploads\/2015\/10\/Soelkner_web.jpg\"><img loading=\"lazy\" decoding=\"async\" width=\"300\" height=\"253\" src=\"https:\/\/www.innside.at\/wp-content\/uploads\/2015\/10\/Soelkner_web-300x253.jpg\" alt=\"Robert Soelkner Jazz in Innsbruck Tirol\" class=\"wp-image-314\" srcset=\"https:\/\/www.innside.at\/wp-content\/uploads\/2015\/10\/Soelkner_web-300x253.jpg 300w, https:\/\/www.innside.at\/wp-content\/uploads\/2015\/10\/Soelkner_web-1024x865.jpg 1024w, https:\/\/www.innside.at\/wp-content\/uploads\/2015\/10\/Soelkner_web-355x300.jpg 355w, https:\/\/www.innside.at\/wp-content\/uploads\/2015\/10\/Soelkner_web.jpg 1464w\" sizes=\"auto, (max-width: 300px) 100vw, 300px\" \/><\/a><\/figure>\n\n\n\n<p><br><strong>Robert S\u00f6lkner &#8211; Piano<\/strong><\/p>\n\n\n\n<p><strong>Sara Koell<\/strong> war &#8222;The Voice of Germany&#8220;-Semifinalistin 2013 der Sender PRO7\/SAT.1, ist gerade sehr erfolgreich als S\u00e4ngerin der Band Sunrise 16 unterwegs, hat es auf die \u00d63-Playlist geschafft und performt in einem tollen Video. Dennoch hat sie Zeit gefunden, die live@innside Saison zu er\u00f6ffnen.<\/p>\n\n\n\n<figure class=\"wp-block-image\"><a href=\"http:\/\/www.facebook.com\/the.voice.sara\" target=\"_blank\" rel=\"noopener noreferrer\"><img loading=\"lazy\" decoding=\"async\" width=\"50\" height=\"50\" src=\"https:\/\/www.innside.at\/wp-content\/uploads\/2015\/10\/FB-f-Logo__blue_100-e1443961262875.png\" alt=\"Facebook-Logo\" class=\"wp-image-311\"\/><\/a><\/figure>\n\n\n\n<p><a href=\"http:\/\/www.sarakoell.com\" target=\"_blank\" rel=\"noopener noreferrer\">www.sarakoell.com<\/a><\/p>\n\n\n\n<p>Mit<strong> Robert S\u00f6lkner<\/strong> begleitet sie ein Pianist, der es versteht, die Individualit\u00e4t jeder S\u00e4ngerin zu entwickeln und sie zur H\u00f6chstform zu f\u00fchren. Es wird ein ganz toller Abend werden.<\/p>\n\n\n\n<div><strong>&nbsp;NOVEMBER 2015<\/strong><\/div>\n\n\n\n<figure class=\"wp-block-image\"><a href=\"https:\/\/www.innside.at\/wp-content\/uploads\/2015\/11\/Poetzl_Eccli-Band.jpg\"><img loading=\"lazy\" decoding=\"async\" width=\"300\" height=\"200\" src=\"https:\/\/www.innside.at\/wp-content\/uploads\/2015\/11\/Poetzl_Eccli-Band-300x200.jpg\" alt=\"Poetzl_Eccli+Band\" class=\"wp-image-379\" srcset=\"https:\/\/www.innside.at\/wp-content\/uploads\/2015\/11\/Poetzl_Eccli-Band-300x200.jpg 300w, https:\/\/www.innside.at\/wp-content\/uploads\/2015\/11\/Poetzl_Eccli-Band-1024x682.jpg 1024w, https:\/\/www.innside.at\/wp-content\/uploads\/2015\/11\/Poetzl_Eccli-Band-450x300.jpg 450w, https:\/\/www.innside.at\/wp-content\/uploads\/2015\/11\/Poetzl_Eccli-Band.jpg 2000w\" sizes=\"auto, (max-width: 300px) 100vw, 300px\" \/><\/a><\/figure>\n\n\n\n<p><strong>Verena P\u00f6tzl und Chico Eccli live@innside &#8211; Innside Pilspub<\/strong><\/p>\n\n\n\n<p><strong>Freitag 06. November 2015, 21:00 Uhr<\/strong><\/p>\n\n\n\n<p>Verena P\u00f6tzl &#8211; Gesang<br>Chico Eccli &#8211; Gitarre<\/p>\n\n\n\n<p>Verena P\u00f6tzl, die Starmania Gewinnerin 2003, die damals als Rockr\u00f6hre mit gewaltiger Stimme begeisterte und 2006 bei den Olympischen Winterspielen in Turin die Coca-Cola-Hymne Live Olympic performte, hat in der Zwischenzeit eine beachtliche k\u00fcnstlerische Vielseitigkeit erreicht. Sie war mit den Blues Bunnys und dem Jazzorchester Tirol unterwegs, als Studios\u00e4ngerin und Songwirterin aktiv und feierte ihr Theaterdebut als Schauspielerin. Begleitet wird Verena vom geb\u00fcrtigen Meraner Andreas &#8222;Chico&#8220; Eccli an der Gitarre.<\/p>\n\n\n\n<figure class=\"wp-block-image\"><a href=\"http:\/\/www.facebook.com\/poetzl.verena\" target=\"_blank\" rel=\"noopener noreferrer\"><img loading=\"lazy\" decoding=\"async\" width=\"50\" height=\"50\" src=\"https:\/\/www.innside.at\/wp-content\/uploads\/2015\/10\/FB-f-Logo__blue_100-e1443961262875.png\" alt=\"Facebook-Logo\" class=\"wp-image-311\"\/><\/a><\/figure>\n\n\n\n<p><strong>DEZEMBER 2015 Jazz in Innsbruck Tirol<br><\/strong><\/p>\n\n\n\n<figure class=\"wp-block-image\"><a href=\"https:\/\/www.innside.at\/wp-content\/uploads\/2015\/11\/Jazzaster_Duo_web.jpg\"><img loading=\"lazy\" decoding=\"async\" width=\"300\" height=\"200\" src=\"https:\/\/www.innside.at\/wp-content\/uploads\/2015\/11\/Jazzaster_Duo_web-300x200.jpg\" alt=\"Jazzaster_Duo_Innside\" class=\"wp-image-402\" srcset=\"https:\/\/www.innside.at\/wp-content\/uploads\/2015\/11\/Jazzaster_Duo_web-300x200.jpg 300w, https:\/\/www.innside.at\/wp-content\/uploads\/2015\/11\/Jazzaster_Duo_web-1024x681.jpg 1024w, https:\/\/www.innside.at\/wp-content\/uploads\/2015\/11\/Jazzaster_Duo_web-451x300.jpg 451w, https:\/\/www.innside.at\/wp-content\/uploads\/2015\/11\/Jazzaster_Duo_web.jpg 1417w\" sizes=\"auto, (max-width: 300px) 100vw, 300px\" \/><\/a><\/figure>\n\n\n\n<p><strong>JAZZASTER X-MAS TRIO<br><\/strong><\/p>\n\n\n\n<p><strong>Freitag 11.12.2015 21.00 Uhr<\/strong><\/p>\n\n\n\n<p>Ester Cede-Perlot &#8211; Gesang<\/p>\n\n\n\n<p>Rita Goller &#8211; Klavier<\/p>\n\n\n\n<p>Harald Schneider &#8211; Saxophon<\/p>\n\n\n\n<p>haben ein spezielles Weihnachtsprogramm einstudiert.<\/p>\n\n\n\n<figure class=\"wp-block-image\"><a href=\"http:\/\/www.jazzaster.com\" target=\"_blank\" rel=\"noopener noreferrer\"><img loading=\"lazy\" decoding=\"async\" width=\"300\" height=\"90\" src=\"https:\/\/www.innside.at\/wp-content\/uploads\/2015\/11\/jazzaster_logo-300x90.png\" alt=\"jazzaster_logo\" class=\"wp-image-406\" srcset=\"https:\/\/www.innside.at\/wp-content\/uploads\/2015\/11\/jazzaster_logo-300x90.png 300w, https:\/\/www.innside.at\/wp-content\/uploads\/2015\/11\/jazzaster_logo.png 378w\" sizes=\"auto, (max-width: 300px) 100vw, 300px\" \/><\/a><\/figure>\n","protected":false},"excerpt":{"rendered":"<p>Jazz in Innsbruck Tirol Die Anf\u00e4nge des Innside Pilspub Das Innside Pilspub startete im J\u00e4nner 1991 lve@innside mit einem Jazz Konzert mit Florian Bramb\u00f6ck, Stephan Costa und Walter Rumer und war eine der ersten Locations f\u00fcr die beginnende Jazz-Szene in &hellip; <a href=\"https:\/\/www.innside.at\/?page_id=45\">Weiterlesen <span class=\"meta-nav\">&rarr;<\/span><\/a><\/p>\n","protected":false},"author":1,"featured_media":311,"parent":0,"menu_order":0,"comment_status":"closed","ping_status":"closed","template":"","meta":{"footnotes":""},"class_list":["post-45","page","type-page","status-publish","has-post-thumbnail","hentry"],"yoast_head":"<!-- This site is optimized with the Yoast SEO Premium plugin v24.7 (Yoast SEO v26.8) - https:\/\/yoast.com\/product\/yoast-seo-premium-wordpress\/ -->\n<title>Jazz in Innsbruck Tirol Blues in Innsbruck Live Music gute Musik in Tirol<\/title>\n<meta name=\"description\" content=\"Jazz in Innsbruck Tirol Innside Pilspub live@innside Innsbruck Anpruggen Mariahilf Jazz Blues Bier Weine Jazz Blues Live Music lebende Musik\" \/>\n<meta name=\"robots\" content=\"index, follow, max-snippet:-1, max-image-preview:large, max-video-preview:-1\" \/>\n<link rel=\"canonical\" href=\"https:\/\/www.innside.at\/?page_id=45\" \/>\n<meta property=\"og:locale\" content=\"de_DE\" \/>\n<meta property=\"og:type\" content=\"article\" \/>\n<meta property=\"og:title\" content=\"live@innside\" \/>\n<meta property=\"og:description\" content=\"Jazz in Innsbruck Tirol Innside Pilspub live@innside Innsbruck Anpruggen Mariahilf Jazz Blues Bier Weine Jazz Blues Live Music lebende Musik\" \/>\n<meta property=\"og:url\" content=\"https:\/\/www.innside.at\/?page_id=45\" \/>\n<meta property=\"og:site_name\" content=\"Innside Pilspub\" \/>\n<meta property=\"article:modified_time\" content=\"2020-07-07T07:35:13+00:00\" \/>\n<meta property=\"og:image\" content=\"https:\/\/www.innside.at\/wp-content\/uploads\/2015\/10\/FB-f-Logo__blue_100-e1443961262875.png\" \/>\n\t<meta property=\"og:image:width\" content=\"50\" \/>\n\t<meta property=\"og:image:height\" content=\"50\" \/>\n\t<meta property=\"og:image:type\" content=\"image\/png\" \/>\n<meta name=\"twitter:card\" content=\"summary_large_image\" \/>\n<meta name=\"twitter:label1\" content=\"Gesch\u00e4tzte Lesezeit\" \/>\n\t<meta name=\"twitter:data1\" content=\"9\u00a0Minuten\" \/>\n<script type=\"application\/ld+json\" class=\"yoast-schema-graph\">{\"@context\":\"https:\/\/schema.org\",\"@graph\":[{\"@type\":\"WebPage\",\"@id\":\"https:\/\/www.innside.at\/?page_id=45\",\"url\":\"https:\/\/www.innside.at\/?page_id=45\",\"name\":\"Jazz in Innsbruck Tirol Blues in Innsbruck Live Music gute Musik in Tirol\",\"isPartOf\":{\"@id\":\"https:\/\/www.innside.at\/#website\"},\"primaryImageOfPage\":{\"@id\":\"https:\/\/www.innside.at\/?page_id=45#primaryimage\"},\"image\":{\"@id\":\"https:\/\/www.innside.at\/?page_id=45#primaryimage\"},\"thumbnailUrl\":\"https:\/\/www.innside.at\/wp-content\/uploads\/2015\/10\/FB-f-Logo__blue_100-e1443961262875.png\",\"datePublished\":\"2019-10-22T09:22:04+00:00\",\"dateModified\":\"2020-07-07T07:35:13+00:00\",\"description\":\"Jazz in Innsbruck Tirol Innside Pilspub live@innside Innsbruck Anpruggen Mariahilf Jazz Blues Bier Weine Jazz Blues Live Music lebende Musik\",\"breadcrumb\":{\"@id\":\"https:\/\/www.innside.at\/?page_id=45#breadcrumb\"},\"inLanguage\":\"de\",\"potentialAction\":[{\"@type\":\"ReadAction\",\"target\":[\"https:\/\/www.innside.at\/?page_id=45\"]}]},{\"@type\":\"ImageObject\",\"inLanguage\":\"de\",\"@id\":\"https:\/\/www.innside.at\/?page_id=45#primaryimage\",\"url\":\"https:\/\/www.innside.at\/wp-content\/uploads\/2015\/10\/FB-f-Logo__blue_100-e1443961262875.png\",\"contentUrl\":\"https:\/\/www.innside.at\/wp-content\/uploads\/2015\/10\/FB-f-Logo__blue_100-e1443961262875.png\",\"width\":50,\"height\":50},{\"@type\":\"BreadcrumbList\",\"@id\":\"https:\/\/www.innside.at\/?page_id=45#breadcrumb\",\"itemListElement\":[{\"@type\":\"ListItem\",\"position\":1,\"name\":\"Home\",\"item\":\"https:\/\/www.innside.at\/\"},{\"@type\":\"ListItem\",\"position\":2,\"name\":\"live@innside\"}]},{\"@type\":\"WebSite\",\"@id\":\"https:\/\/www.innside.at\/#website\",\"url\":\"https:\/\/www.innside.at\/\",\"name\":\"Innside Pilspub\",\"description\":\"die Bar in Innsbruck Anpruggen mit Tradition und Flair ...\",\"potentialAction\":[{\"@type\":\"SearchAction\",\"target\":{\"@type\":\"EntryPoint\",\"urlTemplate\":\"https:\/\/www.innside.at\/?s={search_term_string}\"},\"query-input\":{\"@type\":\"PropertyValueSpecification\",\"valueRequired\":true,\"valueName\":\"search_term_string\"}}],\"inLanguage\":\"de\"}]}<\/script>\n<!-- \/ Yoast SEO Premium plugin. -->","yoast_head_json":{"title":"Jazz in Innsbruck Tirol Blues in Innsbruck Live Music gute Musik in Tirol","description":"Jazz in Innsbruck Tirol Innside Pilspub live@innside Innsbruck Anpruggen Mariahilf Jazz Blues Bier Weine Jazz Blues Live Music lebende Musik","robots":{"index":"index","follow":"follow","max-snippet":"max-snippet:-1","max-image-preview":"max-image-preview:large","max-video-preview":"max-video-preview:-1"},"canonical":"https:\/\/www.innside.at\/?page_id=45","og_locale":"de_DE","og_type":"article","og_title":"live@innside","og_description":"Jazz in Innsbruck Tirol Innside Pilspub live@innside Innsbruck Anpruggen Mariahilf Jazz Blues Bier Weine Jazz Blues Live Music lebende Musik","og_url":"https:\/\/www.innside.at\/?page_id=45","og_site_name":"Innside Pilspub","article_modified_time":"2020-07-07T07:35:13+00:00","og_image":[{"width":50,"height":50,"url":"https:\/\/www.innside.at\/wp-content\/uploads\/2015\/10\/FB-f-Logo__blue_100-e1443961262875.png","type":"image\/png"}],"twitter_card":"summary_large_image","twitter_misc":{"Gesch\u00e4tzte Lesezeit":"9\u00a0Minuten"},"schema":{"@context":"https:\/\/schema.org","@graph":[{"@type":"WebPage","@id":"https:\/\/www.innside.at\/?page_id=45","url":"https:\/\/www.innside.at\/?page_id=45","name":"Jazz in Innsbruck Tirol Blues in Innsbruck Live Music gute Musik in Tirol","isPartOf":{"@id":"https:\/\/www.innside.at\/#website"},"primaryImageOfPage":{"@id":"https:\/\/www.innside.at\/?page_id=45#primaryimage"},"image":{"@id":"https:\/\/www.innside.at\/?page_id=45#primaryimage"},"thumbnailUrl":"https:\/\/www.innside.at\/wp-content\/uploads\/2015\/10\/FB-f-Logo__blue_100-e1443961262875.png","datePublished":"2019-10-22T09:22:04+00:00","dateModified":"2020-07-07T07:35:13+00:00","description":"Jazz in Innsbruck Tirol Innside Pilspub live@innside Innsbruck Anpruggen Mariahilf Jazz Blues Bier Weine Jazz Blues Live Music lebende Musik","breadcrumb":{"@id":"https:\/\/www.innside.at\/?page_id=45#breadcrumb"},"inLanguage":"de","potentialAction":[{"@type":"ReadAction","target":["https:\/\/www.innside.at\/?page_id=45"]}]},{"@type":"ImageObject","inLanguage":"de","@id":"https:\/\/www.innside.at\/?page_id=45#primaryimage","url":"https:\/\/www.innside.at\/wp-content\/uploads\/2015\/10\/FB-f-Logo__blue_100-e1443961262875.png","contentUrl":"https:\/\/www.innside.at\/wp-content\/uploads\/2015\/10\/FB-f-Logo__blue_100-e1443961262875.png","width":50,"height":50},{"@type":"BreadcrumbList","@id":"https:\/\/www.innside.at\/?page_id=45#breadcrumb","itemListElement":[{"@type":"ListItem","position":1,"name":"Home","item":"https:\/\/www.innside.at\/"},{"@type":"ListItem","position":2,"name":"live@innside"}]},{"@type":"WebSite","@id":"https:\/\/www.innside.at\/#website","url":"https:\/\/www.innside.at\/","name":"Innside Pilspub","description":"die Bar in Innsbruck Anpruggen mit Tradition und Flair ...","potentialAction":[{"@type":"SearchAction","target":{"@type":"EntryPoint","urlTemplate":"https:\/\/www.innside.at\/?s={search_term_string}"},"query-input":{"@type":"PropertyValueSpecification","valueRequired":true,"valueName":"search_term_string"}}],"inLanguage":"de"}]}},"_links":{"self":[{"href":"https:\/\/www.innside.at\/index.php?rest_route=\/wp\/v2\/pages\/45","targetHints":{"allow":["GET"]}}],"collection":[{"href":"https:\/\/www.innside.at\/index.php?rest_route=\/wp\/v2\/pages"}],"about":[{"href":"https:\/\/www.innside.at\/index.php?rest_route=\/wp\/v2\/types\/page"}],"author":[{"embeddable":true,"href":"https:\/\/www.innside.at\/index.php?rest_route=\/wp\/v2\/users\/1"}],"replies":[{"embeddable":true,"href":"https:\/\/www.innside.at\/index.php?rest_route=%2Fwp%2Fv2%2Fcomments&post=45"}],"version-history":[{"count":75,"href":"https:\/\/www.innside.at\/index.php?rest_route=\/wp\/v2\/pages\/45\/revisions"}],"predecessor-version":[{"id":785,"href":"https:\/\/www.innside.at\/index.php?rest_route=\/wp\/v2\/pages\/45\/revisions\/785"}],"wp:featuredmedia":[{"embeddable":true,"href":"https:\/\/www.innside.at\/index.php?rest_route=\/wp\/v2\/media\/311"}],"wp:attachment":[{"href":"https:\/\/www.innside.at\/index.php?rest_route=%2Fwp%2Fv2%2Fmedia&parent=45"}],"curies":[{"name":"wp","href":"https:\/\/api.w.org\/{rel}","templated":true}]}}